{"id":625,"date":"2020-12-31T10:37:38","date_gmt":"2020-12-31T10:37:38","guid":{"rendered":"http:\/\/motylarnia.org\/?page_id=625"},"modified":"2023-11-27T03:41:26","modified_gmt":"2023-11-27T03:41:26","slug":"osrodek","status":"publish","type":"page","link":"https:\/\/motylarnia.org\/index.php\/osrodek\/","title":{"rendered":"O\u015aRODEK"},"content":{"rendered":"\t\t<div data-elementor-type=\"wp-page\" data-elementor-id=\"625\" class=\"elementor elementor-625\">\n\t\t\t\t\t\t<section class=\"elementor-section elementor-top-section elementor-element elementor-element-6fae3cb elementor-section-boxed elementor-section-height-default elementor-section-height-default\" data-id=\"6fae3cb\" data-element_type=\"section\">\n\t\t\t\t\t\t<div class=\"elementor-container elementor-column-gap-default\">\n\t\t\t\t\t<div class=\"elementor-column elementor-col-100 elementor-top-column elementor-element elementor-element-971a416\" data-id=\"971a416\" data-element_type=\"column\">\n\t\t\t<div class=\"elementor-widget-wrap elementor-element-populated\">\n\t\t\t\t\t\t<div class=\"elementor-element elementor-element-a87c10e elementor-widget elementor-widget-heading\" data-id=\"a87c10e\" data-element_type=\"widget\" data-widget_type=\"heading.default\">\n\t\t\t\t<div class=\"elementor-widget-container\">\n\t\t\t\t\t<h2 class=\"elementor-heading-title elementor-size-default\">fdfdfdf<\/h2>\t\t\t\t<\/div>\n\t\t\t\t<\/div>\n\t\t\t\t\t<\/div>\n\t\t<\/div>\n\t\t\t\t\t<\/div>\n\t\t<\/section>\n\t\t\t\t<section class=\"elementor-section elementor-top-section elementor-element elementor-element-3a60ff0 elementor-section-boxed elementor-section-height-default elementor-section-height-default\" data-id=\"3a60ff0\" data-element_type=\"section\">\n\t\t\t\t\t\t<div class=\"elementor-container elementor-column-gap-default\">\n\t\t\t\t\t<div class=\"elementor-column elementor-col-100 elementor-top-column elementor-element elementor-element-f16ab66\" data-id=\"f16ab66\" data-element_type=\"column\">\n\t\t\t<div class=\"elementor-widget-wrap elementor-element-populated\">\n\t\t\t\t\t\t<div class=\"elementor-element elementor-element-639d63e elementor-widget elementor-widget-spacer\" data-id=\"639d63e\" data-element_type=\"widget\" data-widget_type=\"spacer.default\">\n\t\t\t\t<div class=\"elementor-widget-container\">\n\t\t\t\t\t\t\t<div class=\"elementor-spacer\">\n\t\t\t<div class=\"elementor-spacer-inner\"><\/div>\n\t\t<\/div>\n\t\t\t\t\t\t<\/div>\n\t\t\t\t<\/div>\n\t\t\t\t<div class=\"elementor-element elementor-element-0f68e20 elementor-widget elementor-widget-image\" data-id=\"0f68e20\" data-element_type=\"widget\" data-widget_type=\"image.default\">\n\t\t\t\t<div class=\"elementor-widget-container\">\n\t\t\t\t\t\t\t\t\t\t\t\t\t\t\t<img decoding=\"async\" src=\"https:\/\/motylarnia.org\/wp-content\/uploads\/2020\/12\/MOTYLARNIA-e1701056112877-500x500.jpg\" title=\"MOTYLARNIA\" alt=\"MOTYLARNIA\" loading=\"lazy\" \/>\t\t\t\t\t\t\t\t\t\t\t\t\t\t\t<\/div>\n\t\t\t\t<\/div>\n\t\t\t\t<div class=\"elementor-element elementor-element-0047286 elementor-widget elementor-widget-spacer\" data-id=\"0047286\" data-element_type=\"widget\" data-widget_type=\"spacer.default\">\n\t\t\t\t<div class=\"elementor-widget-container\">\n\t\t\t\t\t\t\t<div class=\"elementor-spacer\">\n\t\t\t<div class=\"elementor-spacer-inner\"><\/div>\n\t\t<\/div>\n\t\t\t\t\t\t<\/div>\n\t\t\t\t<\/div>\n\t\t\t\t<div class=\"elementor-element elementor-element-ccbfa17 elementor-widget elementor-widget-text-editor\" data-id=\"ccbfa17\" data-element_type=\"widget\" data-widget_type=\"text-editor.default\">\n\t\t\t\t<div class=\"elementor-widget-container\">\n\t\t\t\t\t\t\t\t\t<p class=\"p1\"><b>Motylarnia O\u015brodek Terapii jest&nbsp;plac\u00f3wk\u0105 wsparcia dziennego dofinansowan\u0105 przez Miasto Pozna\u0144:<\/b><\/p>\n<ul class=\"ul1\">\n<li class=\"li1\">poprzez zaj\u0119cia&nbsp;<b>socjoterapeutyczne, arteterapeutyczne<\/b>&nbsp;oraz &nbsp;sportowe &nbsp;wspomaga wszechstronny rozw\u00f3j dziecka<\/li>\n<li class=\"li1\">grupy prowadzi &nbsp;zesp\u00f3\u0142 wychowawc\u00f3w\/socjoterapeut\u00f3w kt\u00f3rzy s\u0105 do\u015bwiadczonymi&nbsp;<b>psychologami i pedagogami<\/b><\/li>\n<li class=\"li1\">oferta &nbsp;jest &nbsp;skierowana &nbsp;do &nbsp;dzieci w &nbsp;wieku&nbsp;<b>7&nbsp; \u2013&nbsp; 15 lat&nbsp;<\/b>podzielonych &nbsp;na &nbsp;trzy &nbsp;grupy &nbsp;wiekowe (7-9, 10-11, 12-15)<\/li>\n<li class=\"li1\">w &nbsp;roku &nbsp;szkolnym o\u015brodek otwarty jest od poniedzia\u0142ku do pi\u0105tku w godzinach <b>14:30&nbsp;\u2013&nbsp;18:30.<\/b><\/li>\n<li class=\"li1\">w ferie zimowe i wakacje prowadzimy atrakcyjne zaj\u0119cia i wyj\u015bcia w ramach p\u00f3\u0142kolonii dla naszych sta\u0142ych podopiecznych<\/li>\n<\/ul>\n<p class=\"p1\"><b>Podczas zaj\u0119\u0107 grupowych w formie zabawy i warsztatu dzieci\/m\u0142odzie\u017c maj\u0105 okazj\u0119 do:<\/b><\/p>\n<ul class=\"ul1\">\n<li class=\"li1\">rozpoznawania i wzmacniania swoich mocnych stron i talent\u00f3w<\/li>\n<li class=\"li1\">rozwijania swoich umiej\u0119tno\u015bci spo\u0142ecznych &nbsp;w &nbsp;relacji &nbsp;z &nbsp;grup\u0105 r\u00f3wie\u015bnik\u00f3w oraz z doros\u0142ymi (np. rozwi\u0105zywanie konflikt\u00f3w, radzenie sobie z trudnymi emocjami, asertywno\u015b\u0107)<\/li>\n<li class=\"li1\">odkrywania i rozwoju swoich zdolno\u015bci tw\u00f3rczych<\/li>\n<li class=\"li1\">nawi\u0105zywania i rozwoju trwa\u0142ych przyja\u017ani (jako alternatywa dla przynale\u017cno\u015bci do zagra\u017caj\u0105cych grup)<\/li>\n<li class=\"li1\">sp\u0119dzania&nbsp; czasu&nbsp; w &nbsp;tw\u00f3rczy, &nbsp;bezpieczny &nbsp;i &nbsp;aktywny &nbsp;spos\u00f3b<\/li>\n<li class=\"li1\">nadrabiania zaleg\u0142o\u015bci szkolnych przy wsparciu wychowawc\u00f3w i wolontariuszy<\/li>\n<\/ul>\n<p class=\"p1\"><b>&nbsp;Wsparcie naszej plac\u00f3wki kierujemy do nast\u0119puj\u0105cych os\u00f3b:<\/b><\/p>\n<ul class=\"ul1\">\n<li class=\"li1\">dzieci do\u015bwiadczaj\u0105ce trudno\u015bci w funkcjonowaniu emocjonalnym i spo\u0142ecznym w domu i\/lub w szkole<\/li>\n<li class=\"li1\">dzieci i m\u0142odzie\u017c, z rodzin w kt\u00f3rych pojawi\u0142y si\u0119 problemy zwi\u0105zane z nadu\u017cywaniem alkoholu i innych u\u017cywek<\/li>\n<li class=\"li1\">dzieci i m\u0142odzie\u017c, kt\u00f3rych szczeg\u00f3lna sytuacja rodzinna wymaga, aby otrzymywa\u0142y dodatkowe wsparcie<\/li>\n<li class=\"li1\">dzieci, kt\u00f3re do\u015bwiadczy\u0142y sytuacji krzywdzenia<\/li>\n<li class=\"li1\">nasz\u0105 pomoc\u0105 obejmujemy ca\u0142\u0105 rodzin\u0119, dlatego prowadzimy r\u00f3wnie\u017c cykliczne <b>konsultacje i spotkania warsztatowe dla rodzic\u00f3w i opiekun\u00f3w dzieci!<\/b><\/li>\n<\/ul>\n<p class=\"p1\"><b>Wsparciem projektu obj\u0119ci s\u0105&nbsp; mieszka\u0144cy i mieszkanki miasta Poznania<\/b><\/p>\n<p class=\"p1\"><b>Pomoc \u015bwiadczona przez plac\u00f3wk\u0119 jest nieodp\u0142atna<\/b><\/p>\n<p class=\"p1\">Projekt MOTYLARNIA ROZWIJA SKRZYD\u0141A &#8211; 2023 &#8211; 2025 jest finansowany ze \u015brodk\u00f3w bud\u017cetowych Miasta Poznania.<\/p>\n<p><\/p>\n<p class=\"p1\">email: <a href=\"mailto:kontakt@motylarnia.org\">kontakt@motylarnia.org<\/a><\/p>\n<p class=\"p1\">adres nowej siedziby od 09.2023 r.: <b>ul. \u015aw. Wawrzy\u0144ca 3b\/U3, Pozna\u0144 &#8211; Je\u017cyce<\/b><\/p>\n<p class=\"p1\"><a href=\"https:\/\/www.facebook.com\/Motylarnia.Osrodek\" target=\"_blank\" rel=\"noopener\">facebook.com\/Motylarnia.Osrodek&nbsp;<\/a><\/p>\n<p class=\"p1\"><br><\/p>\t\t\t\t\t\t\t\t<\/div>\n\t\t\t\t<\/div>\n\t\t\t\t\t<\/div>\n\t\t<\/div>\n\t\t\t\t\t<\/div>\n\t\t<\/section>\n\t\t\t\t<\/div>\n\t\t","protected":false},"excerpt":{"rendered":"<p>fdfdfdf Motylarnia O\u015brodek Terapii jest&nbsp;plac\u00f3wk\u0105 wsparcia dziennego dofinansowan\u0105 przez Miasto Pozna\u0144: poprzez zaj\u0119cia&nbsp;socjoterapeutyczne, arteterapeutyczne&nbsp;oraz &nbsp;sportowe &nbsp;wspomaga wszechstronny rozw\u00f3j dziecka grupy prowadzi &nbsp;zesp\u00f3\u0142 wychowawc\u00f3w\/socjoterapeut\u00f3w kt\u00f3rzy s\u0105 do\u015bwiadczonymi&nbsp;psychologami i pedagogami oferta &nbsp;jest &nbsp;skierowana &nbsp;do &nbsp;dzieci w &nbsp;wieku&nbsp;7&nbsp; \u2013&nbsp; 15 lat&nbsp;podzielonych &nbsp;na &nbsp;trzy &nbsp;grupy &nbsp;wiekowe (7-9, 10-11, 12-15) w &nbsp;roku &nbsp;szkolnym o\u015brodek otwarty jest od poniedzia\u0142ku do pi\u0105tku [&hellip;]<\/p>\n","protected":false},"author":1,"featured_media":0,"parent":0,"menu_order":0,"comment_status":"closed","ping_status":"closed","template":"full-width.php","meta":{"_acf_changed":false,"footnotes":""},"class_list":["post-625","page","type-page","status-publish","hentry"],"acf":[],"_links":{"self":[{"href":"https:\/\/motylarnia.org\/index.php\/wp-json\/wp\/v2\/pages\/625","targetHints":{"allow":["GET"]}}],"collection":[{"href":"https:\/\/motylarnia.org\/index.php\/wp-json\/wp\/v2\/pages"}],"about":[{"href":"https:\/\/motylarnia.org\/index.php\/wp-json\/wp\/v2\/types\/page"}],"author":[{"embeddable":true,"href":"https:\/\/motylarnia.org\/index.php\/wp-json\/wp\/v2\/users\/1"}],"replies":[{"embeddable":true,"href":"https:\/\/motylarnia.org\/index.php\/wp-json\/wp\/v2\/comments?post=625"}],"version-history":[{"count":43,"href":"https:\/\/motylarnia.org\/index.php\/wp-json\/wp\/v2\/pages\/625\/revisions"}],"predecessor-version":[{"id":1398,"href":"https:\/\/motylarnia.org\/index.php\/wp-json\/wp\/v2\/pages\/625\/revisions\/1398"}],"wp:attachment":[{"href":"https:\/\/motylarnia.org\/index.php\/wp-json\/wp\/v2\/media?parent=625"}],"curies":[{"name":"wp","href":"https:\/\/api.w.org\/{rel}","templated":true}]}}